{"id":3712,"date":"2012-12-18T10:56:48","date_gmt":"2012-12-18T08:56:48","guid":{"rendered":"http:\/\/www.girot.ch\/index.php\/profile\/cg\/"},"modified":"2025-11-28T12:21:02","modified_gmt":"2025-11-28T10:21:02","slug":"christophe-girot-de","status":"publish","type":"page","link":"https:\/\/www.girot.ch\/?page_id=3712&lang=de","title":{"rendered":"Christophe Girot"},"content":{"rendered":"<p>\u00a0<\/p>\n<h3>Christophe Girot<\/h3>\n<p><br \/>Christophe Girot wurde in Paris geboren, absolvierte seine Ausbildung in England und den USA und er\u00f6ffnete 1986 sein eigenes Landschaftsarchitekturb\u00fcro in Paris. 2001 f\u00fchrte ihn seine Lehrt\u00e4tigkeit nach Z\u00fcrich, an der ETH Zurich Professor f\u00fcr Landschaftsarchitektur am Departement Architektur. <a href=\"https:\/\/ethz.ch\/de\/news-und-veranstaltungen\/eth-news\/news\/2023\/01\/der-mann-fuer-die-grossen-massstaebe.html\">Emerit Professor seit 2023. <\/a><\/p>\n<p class=\"p1\">Durch die Projekte seines Planungsb\u00fcros und seine T\u00e4tigkeit an der ETH ist er ein anerkannter Experte f\u00fcr modernste Technologien im Feldeinsatz in der gro\u00dffl\u00e4chigen Landschaftsgestaltung. Als Preistr\u00e4ger zahlreicher Wettbewerbe und Exzellenzpreise realisierte er den Masterplan f\u00fcr den Zentralcampus in Z\u00fcrich sowie ein gro\u00dfes topografisches Projekt f\u00fcr das Schweizer Tunnelbauunternehmen AlpTransit im Tessin. Er ist ein kompetenter Partner bei der Projektabnahme durch Politik und Beh\u00f6rden.<\/p>\n<p class=\"p1\">Seine Projekte wurden vielfach ver\u00f6ffentlicht und ausgestellt, unter anderem in der Groundswell-Ausstellung im MoMA, in Harvard und in Essen Deutschland.<\/p>\n\n\n<p><\/p>\n","protected":false},"excerpt":{"rendered":"<p>\u00a0 Christophe Girot Christophe Girot wurde in Paris geboren, absolvierte seine Ausbildung in England und den USA und er\u00f6ffnete 1986 sein eigenes Landschaftsarchitekturb\u00fcro in Paris. 2001 f\u00fchrte ihn seine Lehrt\u00e4tigkeit nach Z\u00fcrich, an der ETH Zurich Professor f\u00fcr Landschaftsarchitektur am Departement Architektur. Emerit Professor seit 2023. Durch die Projekte seines Planungsb\u00fcros und seine T\u00e4tigkeit an&#8230;<\/p>\n","protected":false},"author":1,"featured_media":7090,"parent":3708,"menu_order":0,"comment_status":"closed","ping_status":"closed","template":"","meta":{"footnotes":""},"class_list":["post-3712","page","type-page","status-publish","has-post-thumbnail","hentry","has-content"],"_links":{"self":[{"href":"https:\/\/www.girot.ch\/index.php?rest_route=\/wp\/v2\/pages\/3712","targetHints":{"allow":["GET"]}}],"collection":[{"href":"https:\/\/www.girot.ch\/index.php?rest_route=\/wp\/v2\/pages"}],"about":[{"href":"https:\/\/www.girot.ch\/index.php?rest_route=\/wp\/v2\/types\/page"}],"author":[{"embeddable":true,"href":"https:\/\/www.girot.ch\/index.php?rest_route=\/wp\/v2\/users\/1"}],"replies":[{"embeddable":true,"href":"https:\/\/www.girot.ch\/index.php?rest_route=%2Fwp%2Fv2%2Fcomments&post=3712"}],"version-history":[{"count":8,"href":"https:\/\/www.girot.ch\/index.php?rest_route=\/wp\/v2\/pages\/3712\/revisions"}],"predecessor-version":[{"id":7161,"href":"https:\/\/www.girot.ch\/index.php?rest_route=\/wp\/v2\/pages\/3712\/revisions\/7161"}],"up":[{"embeddable":true,"href":"https:\/\/www.girot.ch\/index.php?rest_route=\/wp\/v2\/pages\/3708"}],"wp:featuredmedia":[{"embeddable":true,"href":"https:\/\/www.girot.ch\/index.php?rest_route=\/wp\/v2\/media\/7090"}],"wp:attachment":[{"href":"https:\/\/www.girot.ch\/index.php?rest_route=%2Fwp%2Fv2%2Fmedia&parent=3712"}],"curies":[{"name":"wp","href":"https:\/\/api.w.org\/{rel}","templated":true}]}}